{"id":630,"date":"2014-10-09T16:48:23","date_gmt":"2014-10-09T15:48:23","guid":{"rendered":"http:\/\/www.volen.pl\/?page_id=630"},"modified":"2025-05-14T17:29:15","modified_gmt":"2025-05-14T15:29:15","slug":"nawariata-3","status":"publish","type":"page","link":"https:\/\/www.volen.pl\/?page_id=630","title":{"rendered":"nawariata"},"content":{"rendered":"\n<p class=\"wp-block-paragraph\">W kilku miejscach ju\u017c byli\u015bmy, a jak B\u00f3g da, kilka jeszcze zobaczymy. Tu zbiorczy przegl\u0105d naszych woja\u017cy z (gdzieniegdzie) odno\u015bnikami do spis\u00f3w tre\u015bci lub pocz\u0105tkowego posta, gdy\u017c nic mnie tak bardzo nie irytuje, jak konieczno\u015b\u0107 przebijania si\u0119 przez stosy wpis\u00f3w na blogu, by rozpocz\u0105\u0107 czytanie od pocz\u0105tku. Zach\u0119cam, by nie poddawa\u0107 si\u0119, jak nasza szacowna kole\u017canka Kala, tylko skorzysta\u0107 z menu po prawej u g\u00f3ry i sobie zobaczy\u0107, czy co\u015b nowego na bloga dosz\u0142o ;)<\/p>\n\n\n\n<p class=\"wp-block-paragraph\">Rok 2023 stan\u0105\u0142 pod znakiem pieszego przemierzania G\u0142\u00f3wnego Szlaku Beskidzkiego, mam nadziej\u0119 sko\u0144czy\u0107 go najszybciej, jak si\u0119 da, a \u017ce czasu ma\u0142o, to z doskoku zasuwam, co kilka tygodni po par\u0119 dni. Trwa to do dzi\u015b (aktualizacja 2025) tzn. wci\u0105\u017c wytrwale przemierzam szlak.<\/p>\n\n\n\n<p class=\"wp-block-paragraph\">Ca\u0142kiem niedawno ruszyli\u015bmy z dzie\u0107mi na prze\u0142aj do Bu\u0142garii, o tym w opowie\u015bci <a href=\"https:\/\/www.volen.pl\/?p=3161\">po byku<\/a><\/p>\n\n\n\n<p class=\"wp-block-paragraph\">Zbiera\u0142em si\u0119 i zbiera\u0142em i w ko\u0144cu wysz\u0142o: w 2018 roku uda\u0142em si\u0119 <a href=\"https:\/\/www.volen.pl\/?cat=297\">Pche\u0142k\u0105 przez bezdro\u017ca<\/a> zapraszam do poczytania.<\/p>\n\n\n\n<p class=\"wp-block-paragraph\">Rok 2016 by\u0142 niezwykle intensywny, je\u015bli chodzi o podr\u00f3\u017ce, wpadli\u015bmy z naszym <a href=\"https:\/\/www.volen.pl\/?cat=245\">najm\u0142odszym s\u0142odziakiem do Gruzji<\/a>, potem wyskoczyli\u015bmy na moment na Kret\u0119, <em>o czym nie poczytacie<\/em>, a w listopadzie pojecha\u0142em na&nbsp;<a href=\"https:\/\/www.volen.pl\/?cat=268\">tydzie\u0144 do krainy ognia i lodu.<\/a><\/p>\n\n\n\n<p class=\"wp-block-paragraph\">Pewnego wczesnojesiennego dnia Anno Domini 2015 ruszyli\u015bmy ze znajomymi do Rosji, rzuci\u0107 okiem na Morze Barentsa, na Morze Bia\u0142e, na Kareli\u0119 i Laponi\u0119, na jeziora \u0141adoga i Onega, a tak\u017ce na Sankt Petersburg. O tej podr\u00f3\u017cy mo\u017cecie poczyta\u0107 tu: <span style=\"color: #fdc732;\"><a style=\"color: #fdc732;\" href=\"https:\/\/www.volen.pl\/?p=1573\">\u0442\u0430\u0431\u043b\u0438\u0446\u0430 \u0441\u043e\u0434\u0435\u0440\u0436\u0430\u043d\u0438\u044f<\/a><\/span>.<\/p>\n\n\n\n<p class=\"wp-block-paragraph\">Dotkni\u0119ci gor\u0105cym latem 2015 roku prosto w pozbawione zahamowa\u0144 czaszki, ruszyli\u015bmy na po\u0142udnie w poszukiwaniu ch\u0142odu &#8211; tak zrobili\u015bmy <span style=\"color: #fdc732;\"><a style=\"color: #fdc732;\" href=\"https:\/\/www.volen.pl\/?p=1243\">Balkan Express<\/a><\/span>, wypraw\u0119, podczas kt\u00f3rej stan\u0105\u0142em przed serbskim s\u0105dem, zosta\u0142em uznany za niewinnego zarzucanych mi czyn\u00f3w, po czym zobowi\u0105zany do op\u0142acenia za nie kary. Wiadomo, jak to niewinny. Okazuje si\u0119, \u017ce serbska Temida tak samo chora, jak polska. By\u0142a to fajna wyprawa, podczas kt\u00f3rej jechali\u015bmy, nie\u015bwiadomi niczego, tu\u017c przed pierwsz\u0105 fal\u0105 nowo\u017cytnych Hun\u00f3w &#8211; ciekawe, \u017ce oni przed s\u0105dami nie staj\u0105 za identyczne przewinienia&#8230;<\/p>\n\n\n\n<p class=\"wp-block-paragraph\">Po wzi\u0119ciu udzia\u0142u w konkursie fotograficznym zdoby\u0142em obiektyw do przetestowania &#8211; uznali\u015bmy, \u017ce opr\u00f3cz Gdyni, ma\u0142a <span style=\"color: #fdc732;\"><a style=\"color: #fdc732;\" href=\"https:\/\/www.volen.pl\/?p=1231\">Malta<\/a><\/span> nadaje si\u0119 najlepiej na testy, wi\u0119c w\u0142a\u015bnie tam si\u0119 wybrali\u015bmy. Dziwne miejsce w sumie, jak dobrze si\u0119 zastanowi\u0107.<\/p>\n\n\n\n<p class=\"wp-block-paragraph\">W 2014 roku na prezent urodzinowy za\u017cyczyli\u015bmy <span style=\"color: #fdc732;\"><a style=\"color: #fdc732;\" href=\"https:\/\/www.volen.pl\/?p=307\">gruzi\u0144skie wino<\/a><\/span>, a potem rzucili\u015bmy wszystko, by pog\u0142aska\u0107 lamy, wikunie i alpaki i <span style=\"color: #fdc732;\"><a style=\"color: #fdc732;\" href=\"https:\/\/www.volen.pl\/?p=1043\">skoczyli\u015bmy przez Wielk\u0105 Ka\u0142u\u017c\u0119 do Peru<\/a><\/span>.<\/p>\n\n\n\n<p class=\"wp-block-paragraph\">Na maj\u00f3wk\u0119 2013 wybrali\u015bmy si\u0119 przej\u015b\u0107 po <span style=\"color: #fdc732;\"><a style=\"color: #fdc732;\" href=\"https:\/\/www.volen.pl\/?p=209\">polskich g\u00f3rach<\/a><\/span>, a zaraz potem nast\u0105pi\u0142a <span style=\"color: #fdc732;\"><a style=\"color: #fdc732;\" href=\"https:\/\/www.volen.pl\/?p=203\">Czarnog\u00f3ra<\/a><\/span>. Fajnie by\u0142o.<\/p>\n\n\n\n<p class=\"wp-block-paragraph\">W roku 2012 postanowili\u015bmy si\u0119 <span style=\"color: #fdc732;\"><a style=\"color: #fdc732;\" href=\"https:\/\/www.volen.pl\/?p=1585\">przejecha\u0107 wok\u00f3\u0142 Morza Czarnego<\/a><\/span>. A potem, przez zupe\u0142ny przypadek potkn\u0119li\u015bmy si\u0119 na brzegu Ba\u0142tyku i wyl\u0105dowali\u015bmy w <span style=\"color: #fdc732;\"><a style=\"color: #fdc732;\" href=\"https:\/\/www.volen.pl\/?p=214\">Karlskronie<\/a><\/span>.<\/p>\n","protected":false},"excerpt":{"rendered":"<p>W kilku miejscach ju\u017c byli\u015bmy, a jak B\u00f3g da, kilka jeszcze zobaczymy. Tu zbiorczy przegl\u0105d&#8230;<\/p>\n<div class=\"more-link-wrapper\"><a class=\"more-link\" href=\"https:\/\/www.volen.pl\/?page_id=630\">Read the post<span class=\"screen-reader-text\">nawariata<\/span><\/a><\/div>\n","protected":false},"author":1,"featured_media":0,"parent":0,"menu_order":0,"comment_status":"closed","ping_status":"closed","template":"","meta":{"_crdt_document":"","jetpack_post_was_ever_published":false,"footnotes":""},"class_list":["post-630","page","type-page","status-publish","hentry","excerpt","zoom","full-without-featured","even","excerpt-0"],"jetpack_shortlink":"https:\/\/wp.me\/P4lAri-aa","jetpack_sharing_enabled":true,"jetpack-related-posts":[{"id":2,"url":"https:\/\/www.volen.pl\/","url_meta":{"origin":630,"position":0},"title":"o co cho..?","author":"volen","date":"2013-10-15","format":false,"excerpt":"o co chodzi ? kr\u00f3tko i na temat ? W 2010 roku spotka\u0142em Ani\u0119. T\u0119 w\u0142a\u015bciw\u0105 kobiet\u0119 w moim \u017cyciu. I dok\u0142adnie zaraz po tym, jak si\u0119 poznali\u015bmy, ruszyli\u015bmy w \u015bwiat. Na dzie\u0144 dobry by\u0142a Hiszpania, po Hiszpanii W\u0142ochy, dwa razy Pary\u017c. A potem by\u0142o ju\u017c z g\u00f3rki. Wiadomo, jak\u2026","rel":"","context":"Z 3 komentarzami","block_context":{"text":"Z 3 komentarzami","link":"https:\/\/www.volen.pl\/#comments"},"img":{"alt_text":"","src":"https:\/\/i0.wp.com\/www.volen.pl\/wp-content\/uploads\/2013\/10\/o-co-cho_DSC9747.jpg?fit=1200%2C551&ssl=1&resize=350%2C200","width":350,"height":200,"srcset":"https:\/\/i0.wp.com\/www.volen.pl\/wp-content\/uploads\/2013\/10\/o-co-cho_DSC9747.jpg?fit=1200%2C551&ssl=1&resize=350%2C200 1x, https:\/\/i0.wp.com\/www.volen.pl\/wp-content\/uploads\/2013\/10\/o-co-cho_DSC9747.jpg?fit=1200%2C551&ssl=1&resize=525%2C300 1.5x, https:\/\/i0.wp.com\/www.volen.pl\/wp-content\/uploads\/2013\/10\/o-co-cho_DSC9747.jpg?fit=1200%2C551&ssl=1&resize=700%2C400 2x, https:\/\/i0.wp.com\/www.volen.pl\/wp-content\/uploads\/2013\/10\/o-co-cho_DSC9747.jpg?fit=1200%2C551&ssl=1&resize=1050%2C600 3x"},"classes":[]}],"_links":{"self":[{"href":"https:\/\/www.volen.pl\/index.php?rest_route=\/wp\/v2\/pages\/630","targetHints":{"allow":["GET"]}}],"collection":[{"href":"https:\/\/www.volen.pl\/index.php?rest_route=\/wp\/v2\/pages"}],"about":[{"href":"https:\/\/www.volen.pl\/index.php?rest_route=\/wp\/v2\/types\/page"}],"author":[{"embeddable":true,"href":"https:\/\/www.volen.pl\/index.php?rest_route=\/wp\/v2\/users\/1"}],"replies":[{"embeddable":true,"href":"https:\/\/www.volen.pl\/index.php?rest_route=%2Fwp%2Fv2%2Fcomments&post=630"}],"version-history":[{"count":17,"href":"https:\/\/www.volen.pl\/index.php?rest_route=\/wp\/v2\/pages\/630\/revisions"}],"predecessor-version":[{"id":3812,"href":"https:\/\/www.volen.pl\/index.php?rest_route=\/wp\/v2\/pages\/630\/revisions\/3812"}],"wp:attachment":[{"href":"https:\/\/www.volen.pl\/index.php?rest_route=%2Fwp%2Fv2%2Fmedia&parent=630"}],"curies":[{"name":"wp","href":"https:\/\/api.w.org\/{rel}","templated":true}]}}